{"id":29374,"date":"2025-10-12T22:22:55","date_gmt":"2025-10-12T20:22:55","guid":{"rendered":"https:\/\/keyman-lansering.bizprew.se\/?page_id=29374"},"modified":"2025-10-13T10:14:28","modified_gmt":"2025-10-13T08:14:28","slug":"interimschefer-interim-vd-ceo","status":"publish","type":"page","link":"https:\/\/www.keyman.se\/sv\/interimschefer-interim-vd-ceo\/","title":{"rendered":"Interim VD \/ CEO \u2013 erfaren ledare f\u00f6r tillf\u00e4lliga uppdrag"},"content":{"rendered":"\t\t<div data-elementor-type=\"wp-page\" data-elementor-id=\"29374\" class=\"elementor elementor-29374\" data-elementor-post-type=\"page\">\n\t\t\t\t<div class=\"elementor-element elementor-element-7e1c68c2 e-flex e-con-boxed e-con e-parent\" data-id=\"7e1c68c2\" data-element_type=\"container\" data-e-type=\"container\" data-settings=\"{&quot;background_background&quot;:&quot;classic&quot;}\">\n\t\t\t\t\t<div class=\"e-con-inner\">\n\t\t<div class=\"elementor-element elementor-element-22a33971 e-con-full e-flex e-con e-child\" data-id=\"22a33971\" data-element_type=\"container\" data-e-type=\"container\">\n\t\t\t\t<\/div>\n\t\t\t\t\t<\/div>\n\t\t\t\t<\/div>\n\t\t<div class=\"elementor-element elementor-element-7048819d e-flex e-con-boxed e-con e-parent\" data-id=\"7048819d\" data-element_type=\"container\" data-e-type=\"container\" data-settings=\"{&quot;background_background&quot;:&quot;classic&quot;}\">\n\t\t\t\t\t<div class=\"e-con-inner\">\n\t\t<div class=\"elementor-element elementor-element-7c153769 e-con-full e-flex e-con e-child\" data-id=\"7c153769\" data-element_type=\"container\" data-e-type=\"container\">\n\t\t<div class=\"elementor-element elementor-element-2d70a8f e-con-full e-flex e-con e-child\" data-id=\"2d70a8f\" data-element_type=\"container\" data-e-type=\"container\">\n\t\t\t\t<div class=\"elementor-element elementor-element-2f9ee2fd elementor-widget elementor-widget-heading\" data-id=\"2f9ee2fd\" data-element_type=\"widget\" data-e-type=\"widget\" data-widget_type=\"heading.default\">\n\t\t\t\t\t<h1 class=\"elementor-heading-title elementor-size-default\">Interim VD\/CEO<\/h1>\t\t\t\t<\/div>\n\t\t\t\t<div class=\"elementor-element elementor-element-296093d9 elementor-widget elementor-widget-text-editor\" data-id=\"296093d9\" data-element_type=\"widget\" data-e-type=\"widget\" data-widget_type=\"text-editor.default\">\n\t\t\t\t\t\t\t\t\tEn interim VD tilltr\u00e4der med kort varsel och leder verksamheten under en begr\u00e4nsad tid. Dessa ledare \u00e4r avg\u00f6rande vid exempelvis turnarounds, tillv\u00e4xtfaser eller f\u00f6r att fylla en tillf\u00e4llig vakans. Till skillnad fr\u00e5n en traditionell managementkonsult analyserar en interim VD inte bara situationen, utan implementerar \u00e4ven n\u00f6dv\u00e4ndiga f\u00f6r\u00e4ndringar och s\u00e4kerst\u00e4ller att strategier oms\u00e4tts i praktiken.\t\t\t\t\t\t\t\t<\/div>\n\t\t\t\t<div class=\"elementor-element elementor-element-27e99634 elementor-mobile-align-justify elementor-widget-mobile__width-inherit elementor-align-center elementor-widget elementor-widget-button\" data-id=\"27e99634\" data-element_type=\"widget\" data-e-type=\"widget\" data-widget_type=\"button.default\">\n\t\t\t\t\t\t\t\t\t\t<a class=\"elementor-button elementor-button-link elementor-size-sm\" href=\"#formen\">\n\t\t\t\t\t\t<span class=\"elementor-button-content-wrapper\">\n\t\t\t\t\t\t\t\t\t<span class=\"elementor-button-text\">Skicka din f\u00f6rfr\u00e5gan<\/span>\n\t\t\t\t\t<\/span>\n\t\t\t\t\t<\/a>\n\t\t\t\t\t\t\t\t<\/div>\n\t\t\t\t<\/div>\n\t\t\t\t<\/div>\n\t\t<div class=\"elementor-element elementor-element-17fe5c6 e-con-full e-flex e-con e-child\" data-id=\"17fe5c6\" data-element_type=\"container\" data-e-type=\"container\">\n\t\t\t\t<div class=\"elementor-element elementor-element-50291812 elementor-widget-divider--view-line elementor-widget elementor-widget-divider\" data-id=\"50291812\" data-element_type=\"widget\" data-e-type=\"widget\" data-widget_type=\"divider.default\">\n\t\t\t\t\t\t\t<div class=\"elementor-divider\">\n\t\t\t<span class=\"elementor-divider-separator\">\n\t\t\t\t\t\t<\/span>\n\t\t<\/div>\n\t\t\t\t\t\t<\/div>\n\t\t\t\t<\/div>\n\t\t<div class=\"elementor-element elementor-element-5793bb3c e-con-full e-flex e-con e-child\" data-id=\"5793bb3c\" data-element_type=\"container\" data-e-type=\"container\">\n\t\t<div class=\"elementor-element elementor-element-4562b6d6 e-con-full e-flex e-con e-child\" data-id=\"4562b6d6\" data-element_type=\"container\" data-e-type=\"container\" data-settings=\"{&quot;background_background&quot;:&quot;classic&quot;}\">\n\t\t<div class=\"elementor-element elementor-element-ccd4c59 e-con-full e-flex e-con e-child\" data-id=\"ccd4c59\" data-element_type=\"container\" data-e-type=\"container\" data-settings=\"{&quot;background_background&quot;:&quot;classic&quot;}\">\n\t\t\t\t<\/div>\n\t\t<div class=\"elementor-element elementor-element-1f5050d1 e-con-full e-flex e-con e-child\" data-id=\"1f5050d1\" data-element_type=\"container\" data-e-type=\"container\">\n\t\t\t\t<div class=\"elementor-element elementor-element-67c97df0 elementor-widget elementor-widget-heading\" data-id=\"67c97df0\" data-element_type=\"widget\" data-e-type=\"widget\" data-widget_type=\"heading.default\">\n\t\t\t\t\t<h2 class=\"elementor-heading-title elementor-size-default\">Transformation och turnaround<\/h2>\t\t\t\t<\/div>\n\t\t\t\t<div class=\"elementor-element elementor-element-75cce66f elementor-widget elementor-widget-text-editor\" data-id=\"75cce66f\" data-element_type=\"widget\" data-e-type=\"widget\" data-widget_type=\"text-editor.default\">\n\t\t\t\t\t\t\t\t\tVid en f\u00f6r\u00e4ndring eller turnaround \u00e4r det kritiskt att ha r\u00e4tt kompetens p\u00e5 plats. En turnaround inneb\u00e4r att en interim VD, tillsammans med ledningsgruppen, arbetar f\u00f6r att v\u00e4nda verksamheten fr\u00e5n f\u00f6rlust till l\u00f6nsamhet. Genom Interim Management s\u00e4kerst\u00e4lls att organisationen n\u00e5r sina m\u00e5l och att medarbetarna har r\u00e4tt f\u00f6ruts\u00e4ttningar att bidra till framg\u00e5ng.\t\t\t\t\t\t\t\t<\/div>\n\t\t\t\t<div class=\"elementor-element elementor-element-4e6278af elementor-widget elementor-widget-text-editor\" data-id=\"4e6278af\" data-element_type=\"widget\" data-e-type=\"widget\" data-widget_type=\"text-editor.default\">\n\t\t\t\t\t\t\t\t\tEn turnaround inneb\u00e4r ofta omfattande f\u00f6r\u00e4ndringar, d\u00e4r kostnadsoptimering, fokus p\u00e5 k\u00e4rnverksamhet och effektiva processer st\u00e5r i centrum. Interim VD:n leder detta arbete genom att identifiera utmaningar, s\u00e4tta tydliga m\u00e5l och skapa en plan f\u00f6r att stabilisera och utveckla verksamheten.\t\t\t\t\t\t\t\t<\/div>\n\t\t\t\t<\/div>\n\t\t\t\t<\/div>\n\t\t\t\t<\/div>\n\t\t\t\t\t<\/div>\n\t\t\t\t<\/div>\n\t\t<div class=\"elementor-element elementor-element-1bb6b317 e-flex e-con-boxed e-con e-parent\" data-id=\"1bb6b317\" data-element_type=\"container\" data-e-type=\"container\" data-settings=\"{&quot;background_background&quot;:&quot;classic&quot;}\">\n\t\t\t\t\t<div class=\"e-con-inner\">\n\t\t<div class=\"elementor-element elementor-element-77664471 e-con-full e-flex e-con e-child\" data-id=\"77664471\" data-element_type=\"container\" data-e-type=\"container\">\n\t\t\t\t<div class=\"elementor-element elementor-element-720746b8 elementor-widget elementor-widget-heading\" data-id=\"720746b8\" data-element_type=\"widget\" data-e-type=\"widget\" data-widget_type=\"heading.default\">\n\t\t\t\t\t<h2 class=\"elementor-heading-title elementor-size-default\">Strategiskt och operativt ledarskap\u00a0<\/h2>\t\t\t\t<\/div>\n\t\t\t\t<div class=\"elementor-element elementor-element-4f4e2ed1 elementor-widget elementor-widget-text-editor\" data-id=\"4f4e2ed1\" data-element_type=\"widget\" data-e-type=\"widget\" data-widget_type=\"text-editor.default\">\n\t\t\t\t\t\t\t\t\tAnsvarsomr\u00e5dena f\u00f6r en interim VD varierar beroende p\u00e5 f\u00f6retagets storlek och struktur. I st\u00f6rre bolag ligger fokus ofta p\u00e5 strategiskt arbete och att ge mellanchefer r\u00e4tt f\u00f6ruts\u00e4ttningar att driva f\u00f6r\u00e4ndring. H\u00e4r \u00e4r tydlig kommunikation och transparens avg\u00f6rande f\u00f6r att skapa engagemang och riktning i organisationen. I mindre bolag \u00e4r VD oftare operativ och leder f\u00f6r\u00e4ndringsarbetet direkt tillsammans med teamet.\t\t\t\t\t\t\t\t<\/div>\n\t\t\t\t<div class=\"elementor-element elementor-element-243e09cb elementor-widget elementor-widget-heading\" data-id=\"243e09cb\" data-element_type=\"widget\" data-e-type=\"widget\" data-widget_type=\"heading.default\">\n\t\t\t\t\t<h2 class=\"elementor-heading-title elementor-size-default\">En interim VD skapar l\u00e5ngsiktigt v\u00e4rde<\/h2>\t\t\t\t<\/div>\n\t\t\t\t<div class=\"elementor-element elementor-element-78ffb15b elementor-widget elementor-widget-text-editor\" data-id=\"78ffb15b\" data-element_type=\"widget\" data-e-type=\"widget\" data-widget_type=\"text-editor.default\">\n\t\t\t\t\t\t\t\t\tEn interim VD tillf\u00f6r ny kompetens, ett fr\u00e4scht perspektiv och omfattande erfarenhet av transformationer och f\u00f6r\u00e4ndringsledning. Ut\u00f6ver att identifiera och analysera problemomr\u00e5den, driver interimaren aktivt f\u00f6r\u00e4ndringsresan och implementerar nya arbetss\u00e4tt, processer och strukturer. N\u00e4r uppdraget \u00e4r slutf\u00f6rt kan en permanent VD ta \u00f6ver en stabil och v\u00e4lfungerande verksamhet med r\u00e4tt f\u00f6ruts\u00e4ttningar f\u00f6r framtida framg\u00e5ng.\t\t\t\t\t\t\t\t<\/div>\n\t\t\t\t<div class=\"elementor-element elementor-element-51b398c3 elementor-mobile-align-justify elementor-widget-mobile__width-inherit elementor-align-left elementor-widget elementor-widget-button\" data-id=\"51b398c3\" data-element_type=\"widget\" data-e-type=\"widget\" data-widget_type=\"button.default\">\n\t\t\t\t\t\t\t\t\t\t<a class=\"elementor-button elementor-button-link elementor-size-sm\" href=\"#formen\">\n\t\t\t\t\t\t<span class=\"elementor-button-content-wrapper\">\n\t\t\t\t\t\t\t\t\t<span class=\"elementor-button-text\">Skicka din f\u00f6rfr\u00e5gan<\/span>\n\t\t\t\t\t<\/span>\n\t\t\t\t\t<\/a>\n\t\t\t\t\t\t\t\t<\/div>\n\t\t\t\t<\/div>\n\t\t<div class=\"elementor-element elementor-element-40c0d854 e-con-full e-flex e-con e-child\" data-id=\"40c0d854\" data-element_type=\"container\" data-e-type=\"container\" data-settings=\"{&quot;background_background&quot;:&quot;classic&quot;}\">\n\t\t\t\t<\/div>\n\t\t\t\t\t<\/div>\n\t\t\t\t<\/div>\n\t\t<div class=\"elementor-element elementor-element-ec8e356 e-flex e-con-boxed e-con e-parent\" data-id=\"ec8e356\" data-element_type=\"container\" data-e-type=\"container\" id=\"formen\">\n\t\t\t\t\t<div class=\"e-con-inner\">\n\t\t<div class=\"elementor-element elementor-element-1f1a4f6f e-con-full e-flex e-con e-child\" data-id=\"1f1a4f6f\" data-element_type=\"container\" data-e-type=\"container\">\n\t\t<div class=\"elementor-element elementor-element-d9b084d e-con-full e-flex e-con e-child\" data-id=\"d9b084d\" data-element_type=\"container\" data-e-type=\"container\">\n\t\t\t\t<div class=\"elementor-element elementor-element-395e7935 elementor-widget elementor-widget-heading\" data-id=\"395e7935\" data-element_type=\"widget\" data-e-type=\"widget\" data-widget_type=\"heading.default\">\n\t\t\t\t\t<h2 class=\"elementor-heading-title elementor-size-default\">Skicka ett meddelande<\/h2>\t\t\t\t<\/div>\n\t\t\t\t<div class=\"elementor-element elementor-element-330038aa elementor-widget elementor-widget-text-editor\" data-id=\"330038aa\" data-element_type=\"widget\" data-e-type=\"widget\" data-widget_type=\"text-editor.default\">\n\t\t\t\t\t\t\t\t\t<p>KeyMan hj\u00e4lper f\u00f6retag att matcha r\u00e4tt interimschef med r\u00e4tt uppdrag via ett n\u00e4tverk med \u00f6ver 100.000 specialister. Fr\u00e5n kravprofil till leverans och uppf\u00f6ljning.<\/p>\t\t\t\t\t\t\t\t<\/div>\n\t\t\t\t<div class=\"elementor-element elementor-element-7f61a001 elementor-hidden-mobile elementor-hidden-mobile_extra elementor-view-default elementor-widget elementor-widget-icon\" data-id=\"7f61a001\" data-element_type=\"widget\" data-e-type=\"widget\" data-widget_type=\"icon.default\">\n\t\t\t\t\t\t\t<div class=\"elementor-icon-wrapper\">\n\t\t\t<div class=\"elementor-icon\">\n\t\t\t<svg xmlns=\"http:\/\/www.w3.org\/2000\/svg\" width=\"27\" height=\"23\" viewBox=\"0 0 27 23\" fill=\"none\"><g clip-path=\"url(#clip0_35_1287)\"><path d=\"M23.0918 11.7168L1.23465 11.7168\" stroke=\"#049D5C\" stroke-width=\"3\" stroke-miterlimit=\"10\" stroke-linecap=\"round\"><\/path><path d=\"M14.5206 1.73584L23.9492 11.6461L14.7986 21.2641\" stroke=\"#049D5C\" stroke-width=\"3\" stroke-miterlimit=\"10\" stroke-linecap=\"round\"><\/path><\/g><defs><clipPath id=\"clip0_35_1287\"><rect width=\"23\" height=\"27\" fill=\"white\" transform=\"translate(27) rotate(90)\"><\/rect><\/clipPath><\/defs><\/svg>\t\t\t<\/div>\n\t\t<\/div>\n\t\t\t\t\t\t<\/div>\n\t\t\t\t<\/div>\n\t\t<div class=\"elementor-element elementor-element-36a29123 e-con-full e-flex e-con e-child\" data-id=\"36a29123\" data-element_type=\"container\" data-e-type=\"container\" data-settings=\"{&quot;background_background&quot;:&quot;classic&quot;}\">\n\t\t\t\t<div class=\"elementor-element elementor-element-46fd1bab elementor-widget elementor-widget-html\" data-id=\"46fd1bab\" data-element_type=\"widget\" data-e-type=\"widget\" data-widget_type=\"html.default\">\n\t\t\t\t\t<iframe src=\"https:\/\/pages.upsales.com\/1001520u3c8273c4983f456f9579b5dbcc0c77bb-frame\" \t\twidth=\"360\" \t\theight=\"1000\" \t\tstyle=\"border:0\"><\/iframe>\t\t\t\t<\/div>\n\t\t\t\t<\/div>\n\t\t\t\t<\/div>\n\t\t\t\t\t<\/div>\n\t\t\t\t<\/div>\n\t\t\t\t<\/div>\n\t\t","protected":false},"excerpt":{"rendered":"<p>Interim VD\/CEO En interim VD tilltr\u00e4der med kort varsel och leder verksamheten under en begr\u00e4nsad tid. Dessa ledare \u00e4r avg\u00f6rande vid exempelvis turnarounds, tillv\u00e4xtfaser eller f\u00f6r att fylla en tillf\u00e4llig vakans. Till skillnad fr\u00e5n en traditionell managementkonsult analyserar en interim VD inte bara situationen, utan implementerar \u00e4ven n\u00f6dv\u00e4ndiga f\u00f6r\u00e4ndringar och s\u00e4kerst\u00e4ller att strategier oms\u00e4tts i [&hellip;]<\/p>\n","protected":false},"author":10,"featured_media":0,"parent":0,"menu_order":0,"comment_status":"closed","ping_status":"closed","template":"","meta":{"_acf_changed":false,"footnotes":""},"class_list":["post-29374","page","type-page","status-publish","hentry"],"acf":[],"yoast_head":"<!-- This site is optimized with the Yoast SEO plugin v27.5 - https:\/\/yoast.com\/product\/yoast-seo-wordpress\/ -->\n<title>Interim VD \/ CEO \u2013 erfaren ledare f\u00f6r tillf\u00e4lliga uppdrag - KeyMan<\/title>\n<meta name=\"description\" content=\"En interim VD tilltr\u00e4der med kort varsel och leder verksamheten under en begr\u00e4nsad tid. Vi matchar er med erfarna ledare som snabbt skapar resultat.\" \/>\n<meta name=\"robots\" content=\"index, follow, max-snippet:-1, max-image-preview:large, max-video-preview:-1\" \/>\n<link rel=\"canonical\" href=\"https:\/\/www.keyman.se\/sv\/interimschefer-interim-vd-ceo\/\" \/>\n<meta property=\"og:locale\" content=\"sv_SE\" \/>\n<meta property=\"og:type\" content=\"article\" \/>\n<meta property=\"og:title\" content=\"Interim VD \/ CEO \u2013 erfaren ledare f\u00f6r tillf\u00e4lliga uppdrag - KeyMan\" \/>\n<meta property=\"og:description\" content=\"En interim VD tilltr\u00e4der med kort varsel och leder verksamheten under en begr\u00e4nsad tid. Vi matchar er med erfarna ledare som snabbt skapar resultat.\" \/>\n<meta property=\"og:url\" content=\"https:\/\/www.keyman.se\/sv\/interimschefer-interim-vd-ceo\/\" \/>\n<meta property=\"og:site_name\" content=\"KeyMan\" \/>\n<meta property=\"article:modified_time\" content=\"2025-10-13T08:14:28+00:00\" \/>\n<meta name=\"twitter:card\" content=\"summary_large_image\" \/>\n<meta name=\"twitter:label1\" content=\"Ber\u00e4knad l\u00e4stid\" \/>\n\t<meta name=\"twitter:data1\" content=\"2 minuter\" \/>\n<script type=\"application\/ld+json\" class=\"yoast-schema-graph\">{\"@context\":\"https:\\\/\\\/schema.org\",\"@graph\":[{\"@type\":\"WebPage\",\"@id\":\"https:\\\/\\\/www.keyman.se\\\/sv\\\/interimschefer-interim-vd-ceo\\\/\",\"url\":\"https:\\\/\\\/www.keyman.se\\\/sv\\\/interimschefer-interim-vd-ceo\\\/\",\"name\":\"Interim VD \\\/ CEO \u2013 erfaren ledare f\u00f6r tillf\u00e4lliga uppdrag - KeyMan\",\"isPartOf\":{\"@id\":\"https:\\\/\\\/www.keyman.se\\\/sv\\\/#website\"},\"datePublished\":\"2025-10-12T20:22:55+00:00\",\"dateModified\":\"2025-10-13T08:14:28+00:00\",\"description\":\"En interim VD tilltr\u00e4der med kort varsel och leder verksamheten under en begr\u00e4nsad tid. Vi matchar er med erfarna ledare som snabbt skapar resultat.\",\"breadcrumb\":{\"@id\":\"https:\\\/\\\/www.keyman.se\\\/sv\\\/interimschefer-interim-vd-ceo\\\/#breadcrumb\"},\"inLanguage\":\"sv-SE\",\"potentialAction\":[{\"@type\":\"ReadAction\",\"target\":[\"https:\\\/\\\/www.keyman.se\\\/sv\\\/interimschefer-interim-vd-ceo\\\/\"]}]},{\"@type\":\"BreadcrumbList\",\"@id\":\"https:\\\/\\\/www.keyman.se\\\/sv\\\/interimschefer-interim-vd-ceo\\\/#breadcrumb\",\"itemListElement\":[{\"@type\":\"ListItem\",\"position\":1,\"name\":\"Home\",\"item\":\"https:\\\/\\\/www.keyman.se\\\/sv\\\/\"},{\"@type\":\"ListItem\",\"position\":2,\"name\":\"Interim VD \\\/ CEO \u2013 erfaren ledare f\u00f6r tillf\u00e4lliga uppdrag\"}]},{\"@type\":\"WebSite\",\"@id\":\"https:\\\/\\\/www.keyman.se\\\/sv\\\/#website\",\"url\":\"https:\\\/\\\/www.keyman.se\\\/sv\\\/\",\"name\":\"KeyMan\",\"description\":\"Sannolikt Sveriges b\u00e4sta konsultm\u00e4klare\",\"publisher\":{\"@id\":\"https:\\\/\\\/www.keyman.se\\\/sv\\\/#organization\"},\"potentialAction\":[{\"@type\":\"SearchAction\",\"target\":{\"@type\":\"EntryPoint\",\"urlTemplate\":\"https:\\\/\\\/www.keyman.se\\\/sv\\\/?s={search_term_string}\"},\"query-input\":{\"@type\":\"PropertyValueSpecification\",\"valueRequired\":true,\"valueName\":\"search_term_string\"}}],\"inLanguage\":\"sv-SE\"},{\"@type\":\"Organization\",\"@id\":\"https:\\\/\\\/www.keyman.se\\\/sv\\\/#organization\",\"name\":\"KeyMan\",\"url\":\"https:\\\/\\\/www.keyman.se\\\/sv\\\/\",\"logo\":{\"@type\":\"ImageObject\",\"inLanguage\":\"sv-SE\",\"@id\":\"https:\\\/\\\/www.keyman.se\\\/sv\\\/#\\\/schema\\\/logo\\\/image\\\/\",\"url\":\"https:\\\/\\\/www.keyman.se\\\/sv\\\/wp-content\\\/uploads\\\/2022\\\/12\\\/KeyMan-by-Werkey-dark-logo.svg\",\"contentUrl\":\"https:\\\/\\\/www.keyman.se\\\/sv\\\/wp-content\\\/uploads\\\/2022\\\/12\\\/KeyMan-by-Werkey-dark-logo.svg\",\"width\":201,\"height\":52,\"caption\":\"KeyMan\"},\"image\":{\"@id\":\"https:\\\/\\\/www.keyman.se\\\/sv\\\/#\\\/schema\\\/logo\\\/image\\\/\"}}]}<\/script>\n<!-- \/ Yoast SEO plugin. -->","yoast_head_json":{"title":"Interim VD \/ CEO \u2013 erfaren ledare f\u00f6r tillf\u00e4lliga uppdrag - KeyMan","description":"En interim VD tilltr\u00e4der med kort varsel och leder verksamheten under en begr\u00e4nsad tid. Vi matchar er med erfarna ledare som snabbt skapar resultat.","robots":{"index":"index","follow":"follow","max-snippet":"max-snippet:-1","max-image-preview":"max-image-preview:large","max-video-preview":"max-video-preview:-1"},"canonical":"https:\/\/www.keyman.se\/sv\/interimschefer-interim-vd-ceo\/","og_locale":"sv_SE","og_type":"article","og_title":"Interim VD \/ CEO \u2013 erfaren ledare f\u00f6r tillf\u00e4lliga uppdrag - KeyMan","og_description":"En interim VD tilltr\u00e4der med kort varsel och leder verksamheten under en begr\u00e4nsad tid. Vi matchar er med erfarna ledare som snabbt skapar resultat.","og_url":"https:\/\/www.keyman.se\/sv\/interimschefer-interim-vd-ceo\/","og_site_name":"KeyMan","article_modified_time":"2025-10-13T08:14:28+00:00","twitter_card":"summary_large_image","twitter_misc":{"Ber\u00e4knad l\u00e4stid":"2 minuter"},"schema":{"@context":"https:\/\/schema.org","@graph":[{"@type":"WebPage","@id":"https:\/\/www.keyman.se\/sv\/interimschefer-interim-vd-ceo\/","url":"https:\/\/www.keyman.se\/sv\/interimschefer-interim-vd-ceo\/","name":"Interim VD \/ CEO \u2013 erfaren ledare f\u00f6r tillf\u00e4lliga uppdrag - KeyMan","isPartOf":{"@id":"https:\/\/www.keyman.se\/sv\/#website"},"datePublished":"2025-10-12T20:22:55+00:00","dateModified":"2025-10-13T08:14:28+00:00","description":"En interim VD tilltr\u00e4der med kort varsel och leder verksamheten under en begr\u00e4nsad tid. Vi matchar er med erfarna ledare som snabbt skapar resultat.","breadcrumb":{"@id":"https:\/\/www.keyman.se\/sv\/interimschefer-interim-vd-ceo\/#breadcrumb"},"inLanguage":"sv-SE","potentialAction":[{"@type":"ReadAction","target":["https:\/\/www.keyman.se\/sv\/interimschefer-interim-vd-ceo\/"]}]},{"@type":"BreadcrumbList","@id":"https:\/\/www.keyman.se\/sv\/interimschefer-interim-vd-ceo\/#breadcrumb","itemListElement":[{"@type":"ListItem","position":1,"name":"Home","item":"https:\/\/www.keyman.se\/sv\/"},{"@type":"ListItem","position":2,"name":"Interim VD \/ CEO \u2013 erfaren ledare f\u00f6r tillf\u00e4lliga uppdrag"}]},{"@type":"WebSite","@id":"https:\/\/www.keyman.se\/sv\/#website","url":"https:\/\/www.keyman.se\/sv\/","name":"KeyMan","description":"Sannolikt Sveriges b\u00e4sta konsultm\u00e4klare","publisher":{"@id":"https:\/\/www.keyman.se\/sv\/#organization"},"potentialAction":[{"@type":"SearchAction","target":{"@type":"EntryPoint","urlTemplate":"https:\/\/www.keyman.se\/sv\/?s={search_term_string}"},"query-input":{"@type":"PropertyValueSpecification","valueRequired":true,"valueName":"search_term_string"}}],"inLanguage":"sv-SE"},{"@type":"Organization","@id":"https:\/\/www.keyman.se\/sv\/#organization","name":"KeyMan","url":"https:\/\/www.keyman.se\/sv\/","logo":{"@type":"ImageObject","inLanguage":"sv-SE","@id":"https:\/\/www.keyman.se\/sv\/#\/schema\/logo\/image\/","url":"https:\/\/www.keyman.se\/sv\/wp-content\/uploads\/2022\/12\/KeyMan-by-Werkey-dark-logo.svg","contentUrl":"https:\/\/www.keyman.se\/sv\/wp-content\/uploads\/2022\/12\/KeyMan-by-Werkey-dark-logo.svg","width":201,"height":52,"caption":"KeyMan"},"image":{"@id":"https:\/\/www.keyman.se\/sv\/#\/schema\/logo\/image\/"}}]}},"_links":{"self":[{"href":"https:\/\/www.keyman.se\/sv\/wp-json\/wp\/v2\/pages\/29374","targetHints":{"allow":["GET"]}}],"collection":[{"href":"https:\/\/www.keyman.se\/sv\/wp-json\/wp\/v2\/pages"}],"about":[{"href":"https:\/\/www.keyman.se\/sv\/wp-json\/wp\/v2\/types\/page"}],"author":[{"embeddable":true,"href":"https:\/\/www.keyman.se\/sv\/wp-json\/wp\/v2\/users\/10"}],"replies":[{"embeddable":true,"href":"https:\/\/www.keyman.se\/sv\/wp-json\/wp\/v2\/comments?post=29374"}],"version-history":[{"count":0,"href":"https:\/\/www.keyman.se\/sv\/wp-json\/wp\/v2\/pages\/29374\/revisions"}],"wp:attachment":[{"href":"https:\/\/www.keyman.se\/sv\/wp-json\/wp\/v2\/media?parent=29374"}],"curies":[{"name":"wp","href":"https:\/\/api.w.org\/{rel}","templated":true}]}}